{"id":2549,"date":"2018-05-04T00:02:49","date_gmt":"2018-05-03T22:02:49","guid":{"rendered":"http:\/\/dreamhaven.pl\/2018\/?post_type=jetpack-portfolio&#038;p=2549"},"modified":"2018-05-05T19:07:42","modified_gmt":"2018-05-05T17:07:42","slug":"wiara-wersja-rezyserska","status":"publish","type":"jetpack-portfolio","link":"https:\/\/dreamhaven.pl\/2018\/portfolio\/wiara-wersja-rezyserska\/","title":{"rendered":"Wiara (wersja re\u017cyserska)"},"content":{"rendered":"<p>Dwa Zakony, m\u0119ski i \u017ce\u0144ski, po\u0142\u0105czone wsp\u00f3lnym dziedzi\u0144cem. Po\u0142o\u017cone na odludziu, niemal odci\u0119te od \u015bwiata. Tutaj rytm dnia powszedniego wyznaczaj\u0105 pory przeznaczone na modlitw\u0119 i refleksj\u0119. Tak przynajmniej to miejsce by\u0142o postrzegane.<\/p>\n<p>Obraz ten zm\u0105ci\u0142y dochodz\u0105ce ostatnio pog\u0142oski o niepokoj\u0105cych wydarzeniach, kt\u00f3re mia\u0142y miejsce. Niepokoj\u0105cych na tyle, by wzbudzi\u0107 zainteresowanie opactwa, kt\u00f3re postanawia zbada\u0107 istniej\u0105c\u0105 sytuacj\u0119.<\/p>\n<p>Czy ludzkie s\u0142abo\u015bci mog\u0105 by\u0107 silniejsze ni\u017c umi\u0142owanie bli\u017aniego i mi\u0142o\u015b\u0107 do Boga? Ile tak naprawd\u0119 znacz\u0105 s\u0142owa takie jak wiara, czysto\u015b\u0107 i mi\u0142osierdzie w konfrontacji z rzeczywisto\u015bci\u0105 i natur\u0105 ludzk\u0105? Co mo\u017ce dzia\u0107 si\u0119 za zamkni\u0119tymi murami odizolowanych spo\u0142eczno\u015bci?<\/p>\n","protected":false},"excerpt":{"rendered":"<p>Dwa Zakony, m\u0119ski i \u017ce\u0144ski, po\u0142\u0105czone wsp\u00f3lnym dziedzi\u0144cem. Po\u0142o\u017cone na odludziu, niemal odci\u0119te od \u015bwiata. Tutaj rytm dnia powszedniego wyznaczaj\u0105 pory przeznaczone na modlitw\u0119 i refleksj\u0119. Tak przynajmniej to miejsce by\u0142o postrzegane. Obraz ten zm\u0105ci\u0142y dochodz\u0105ce ostatnio pog\u0142oski o niepokoj\u0105cych wydarzeniach, kt\u00f3re mia\u0142y miejsce. Niepokoj\u0105cych na tyle, by wzbudzi\u0107 zainteresowanie opactwa, kt\u00f3re postanawia zbada\u0107 istniej\u0105c\u0105 [&hellip;]<\/p>\n","protected":false},"author":11,"featured_media":2548,"comment_status":"closed","ping_status":"closed","template":"","format":"standard","meta":{"_monsterinsights_skip_tracking":false,"_monsterinsights_sitenote_active":false,"_monsterinsights_sitenote_note":"","_monsterinsights_sitenote_category":0,"jetpack_post_was_ever_published":false,"footnotes":"","jetpack_publicize_message":"Wiara (wersja re\u017cyserska)","jetpack_publicize_feature_enabled":true,"jetpack_social_post_already_shared":true,"jetpack_social_options":{"image_generator_settings":{"template":"highway","default_image_id":0,"font":"","enabled":false},"version":2}},"jetpack-portfolio-type":[67,13],"jetpack-portfolio-tag":[],"class_list":["post-2549","jetpack-portfolio","type-jetpack-portfolio","status-publish","format-standard","has-post-thumbnail","hentry","jetpack-portfolio-type-chamber","jetpack-portfolio-type-larp","post","post-with-thumbnail","post-with-thumbnail-large"],"yoast_head":"<!-- This site is optimized with the Yoast SEO plugin v27.2 - https:\/\/yoast.com\/product\/yoast-seo-wordpress\/ -->\n<title>Wiara (wersja re\u017cyserska) - DreamHaven 2018<\/title>\n<meta name=\"robots\" content=\"index, follow, max-snippet:-1, max-image-preview:large, max-video-preview:-1\" \/>\n<link rel=\"canonical\" href=\"http:\/\/dreamhaven.pl\/2018\/portfolio\/wiara-wersja-rezyserska\/\" \/>\n<meta property=\"og:locale\" content=\"pl_PL\" \/>\n<meta property=\"og:type\" content=\"article\" \/>\n<meta property=\"og:title\" content=\"Wiara (wersja re\u017cyserska) - DreamHaven 2018\" \/>\n<meta property=\"og:description\" content=\"Dwa Zakony, m\u0119ski i \u017ce\u0144ski, po\u0142\u0105czone wsp\u00f3lnym dziedzi\u0144cem. Po\u0142o\u017cone na odludziu, niemal odci\u0119te od \u015bwiata. Tutaj rytm dnia powszedniego wyznaczaj\u0105 pory przeznaczone na modlitw\u0119 i refleksj\u0119. Tak przynajmniej to miejsce by\u0142o postrzegane. Obraz ten zm\u0105ci\u0142y dochodz\u0105ce ostatnio pog\u0142oski o niepokoj\u0105cych wydarzeniach, kt\u00f3re mia\u0142y miejsce. Niepokoj\u0105cych na tyle, by wzbudzi\u0107 zainteresowanie opactwa, kt\u00f3re postanawia zbada\u0107 istniej\u0105c\u0105 [&hellip;]\" \/>\n<meta property=\"og:url\" content=\"http:\/\/dreamhaven.pl\/2018\/portfolio\/wiara-wersja-rezyserska\/\" \/>\n<meta property=\"og:site_name\" content=\"DreamHaven 2018\" \/>\n<meta property=\"article:modified_time\" content=\"2018-05-05T17:07:42+00:00\" \/>\n<meta property=\"og:image\" content=\"http:\/\/dreamhaven.pl\/2018\/wp-content\/uploads\/sites\/7\/2018\/04\/Wiara.jpg\" \/>\n\t<meta property=\"og:image:width\" content=\"1080\" \/>\n\t<meta property=\"og:image:height\" content=\"730\" \/>\n\t<meta property=\"og:image:type\" content=\"image\/jpeg\" \/>\n<meta name=\"twitter:card\" content=\"summary_large_image\" \/>\n<meta name=\"twitter:label1\" content=\"Szacowany czas czytania\" \/>\n\t<meta name=\"twitter:data1\" content=\"1 minuta\" \/>\n<script type=\"application\/ld+json\" class=\"yoast-schema-graph\">{\"@context\":\"https:\/\/schema.org\",\"@graph\":[{\"@type\":\"WebPage\",\"@id\":\"http:\/\/dreamhaven.pl\/2018\/portfolio\/wiara-wersja-rezyserska\/\",\"url\":\"http:\/\/dreamhaven.pl\/2018\/portfolio\/wiara-wersja-rezyserska\/\",\"name\":\"Wiara (wersja re\u017cyserska) - DreamHaven 2018\",\"isPartOf\":{\"@id\":\"https:\/\/dreamhaven.pl\/2018\/#website\"},\"primaryImageOfPage\":{\"@id\":\"http:\/\/dreamhaven.pl\/2018\/portfolio\/wiara-wersja-rezyserska\/#primaryimage\"},\"image\":{\"@id\":\"http:\/\/dreamhaven.pl\/2018\/portfolio\/wiara-wersja-rezyserska\/#primaryimage\"},\"thumbnailUrl\":\"https:\/\/dreamhaven.pl\/2018\/wp-content\/uploads\/sites\/7\/2018\/04\/Wiara.jpg\",\"datePublished\":\"2018-05-03T22:02:49+00:00\",\"dateModified\":\"2018-05-05T17:07:42+00:00\",\"breadcrumb\":{\"@id\":\"http:\/\/dreamhaven.pl\/2018\/portfolio\/wiara-wersja-rezyserska\/#breadcrumb\"},\"inLanguage\":\"pl-PL\",\"potentialAction\":[{\"@type\":\"ReadAction\",\"target\":[\"http:\/\/dreamhaven.pl\/2018\/portfolio\/wiara-wersja-rezyserska\/\"]}]},{\"@type\":\"ImageObject\",\"inLanguage\":\"pl-PL\",\"@id\":\"http:\/\/dreamhaven.pl\/2018\/portfolio\/wiara-wersja-rezyserska\/#primaryimage\",\"url\":\"https:\/\/dreamhaven.pl\/2018\/wp-content\/uploads\/sites\/7\/2018\/04\/Wiara.jpg\",\"contentUrl\":\"https:\/\/dreamhaven.pl\/2018\/wp-content\/uploads\/sites\/7\/2018\/04\/Wiara.jpg\",\"width\":1080,\"height\":730},{\"@type\":\"BreadcrumbList\",\"@id\":\"http:\/\/dreamhaven.pl\/2018\/portfolio\/wiara-wersja-rezyserska\/#breadcrumb\",\"itemListElement\":[{\"@type\":\"ListItem\",\"position\":1,\"name\":\"Strona g\u0142\u00f3wna\",\"item\":\"https:\/\/dreamhaven.pl\/2018\/\"},{\"@type\":\"ListItem\",\"position\":2,\"name\":\"Projekty\",\"item\":\"http:\/\/dreamhaven.pl\/2018\/portfolio\/\"},{\"@type\":\"ListItem\",\"position\":3,\"name\":\"Wiara (wersja re\u017cyserska)\"}]},{\"@type\":\"WebSite\",\"@id\":\"https:\/\/dreamhaven.pl\/2018\/#website\",\"url\":\"https:\/\/dreamhaven.pl\/2018\/\",\"name\":\"DreamHaven 2018\",\"description\":\"Festiwal Inspiracji Larpowych\",\"potentialAction\":[{\"@type\":\"SearchAction\",\"target\":{\"@type\":\"EntryPoint\",\"urlTemplate\":\"https:\/\/dreamhaven.pl\/2018\/?s={search_term_string}\"},\"query-input\":{\"@type\":\"PropertyValueSpecification\",\"valueRequired\":true,\"valueName\":\"search_term_string\"}}],\"inLanguage\":\"pl-PL\"}]}<\/script>\n<!-- \/ Yoast SEO plugin. -->","yoast_head_json":{"title":"Wiara (wersja re\u017cyserska) - DreamHaven 2018","robots":{"index":"index","follow":"follow","max-snippet":"max-snippet:-1","max-image-preview":"max-image-preview:large","max-video-preview":"max-video-preview:-1"},"canonical":"http:\/\/dreamhaven.pl\/2018\/portfolio\/wiara-wersja-rezyserska\/","og_locale":"pl_PL","og_type":"article","og_title":"Wiara (wersja re\u017cyserska) - DreamHaven 2018","og_description":"Dwa Zakony, m\u0119ski i \u017ce\u0144ski, po\u0142\u0105czone wsp\u00f3lnym dziedzi\u0144cem. Po\u0142o\u017cone na odludziu, niemal odci\u0119te od \u015bwiata. Tutaj rytm dnia powszedniego wyznaczaj\u0105 pory przeznaczone na modlitw\u0119 i refleksj\u0119. Tak przynajmniej to miejsce by\u0142o postrzegane. Obraz ten zm\u0105ci\u0142y dochodz\u0105ce ostatnio pog\u0142oski o niepokoj\u0105cych wydarzeniach, kt\u00f3re mia\u0142y miejsce. Niepokoj\u0105cych na tyle, by wzbudzi\u0107 zainteresowanie opactwa, kt\u00f3re postanawia zbada\u0107 istniej\u0105c\u0105 [&hellip;]","og_url":"http:\/\/dreamhaven.pl\/2018\/portfolio\/wiara-wersja-rezyserska\/","og_site_name":"DreamHaven 2018","article_modified_time":"2018-05-05T17:07:42+00:00","og_image":[{"width":1080,"height":730,"url":"http:\/\/dreamhaven.pl\/2018\/wp-content\/uploads\/sites\/7\/2018\/04\/Wiara.jpg","type":"image\/jpeg"}],"twitter_card":"summary_large_image","twitter_misc":{"Szacowany czas czytania":"1 minuta"},"schema":{"@context":"https:\/\/schema.org","@graph":[{"@type":"WebPage","@id":"http:\/\/dreamhaven.pl\/2018\/portfolio\/wiara-wersja-rezyserska\/","url":"http:\/\/dreamhaven.pl\/2018\/portfolio\/wiara-wersja-rezyserska\/","name":"Wiara (wersja re\u017cyserska) - DreamHaven 2018","isPartOf":{"@id":"https:\/\/dreamhaven.pl\/2018\/#website"},"primaryImageOfPage":{"@id":"http:\/\/dreamhaven.pl\/2018\/portfolio\/wiara-wersja-rezyserska\/#primaryimage"},"image":{"@id":"http:\/\/dreamhaven.pl\/2018\/portfolio\/wiara-wersja-rezyserska\/#primaryimage"},"thumbnailUrl":"https:\/\/dreamhaven.pl\/2018\/wp-content\/uploads\/sites\/7\/2018\/04\/Wiara.jpg","datePublished":"2018-05-03T22:02:49+00:00","dateModified":"2018-05-05T17:07:42+00:00","breadcrumb":{"@id":"http:\/\/dreamhaven.pl\/2018\/portfolio\/wiara-wersja-rezyserska\/#breadcrumb"},"inLanguage":"pl-PL","potentialAction":[{"@type":"ReadAction","target":["http:\/\/dreamhaven.pl\/2018\/portfolio\/wiara-wersja-rezyserska\/"]}]},{"@type":"ImageObject","inLanguage":"pl-PL","@id":"http:\/\/dreamhaven.pl\/2018\/portfolio\/wiara-wersja-rezyserska\/#primaryimage","url":"https:\/\/dreamhaven.pl\/2018\/wp-content\/uploads\/sites\/7\/2018\/04\/Wiara.jpg","contentUrl":"https:\/\/dreamhaven.pl\/2018\/wp-content\/uploads\/sites\/7\/2018\/04\/Wiara.jpg","width":1080,"height":730},{"@type":"BreadcrumbList","@id":"http:\/\/dreamhaven.pl\/2018\/portfolio\/wiara-wersja-rezyserska\/#breadcrumb","itemListElement":[{"@type":"ListItem","position":1,"name":"Strona g\u0142\u00f3wna","item":"https:\/\/dreamhaven.pl\/2018\/"},{"@type":"ListItem","position":2,"name":"Projekty","item":"http:\/\/dreamhaven.pl\/2018\/portfolio\/"},{"@type":"ListItem","position":3,"name":"Wiara (wersja re\u017cyserska)"}]},{"@type":"WebSite","@id":"https:\/\/dreamhaven.pl\/2018\/#website","url":"https:\/\/dreamhaven.pl\/2018\/","name":"DreamHaven 2018","description":"Festiwal Inspiracji Larpowych","potentialAction":[{"@type":"SearchAction","target":{"@type":"EntryPoint","urlTemplate":"https:\/\/dreamhaven.pl\/2018\/?s={search_term_string}"},"query-input":{"@type":"PropertyValueSpecification","valueRequired":true,"valueName":"search_term_string"}}],"inLanguage":"pl-PL"}]}},"jetpack_publicize_connections":[],"jetpack_sharing_enabled":true,"_links":{"self":[{"href":"https:\/\/dreamhaven.pl\/2018\/wp-json\/wp\/v2\/jetpack-portfolio\/2549","targetHints":{"allow":["GET"]}}],"collection":[{"href":"https:\/\/dreamhaven.pl\/2018\/wp-json\/wp\/v2\/jetpack-portfolio"}],"about":[{"href":"https:\/\/dreamhaven.pl\/2018\/wp-json\/wp\/v2\/types\/jetpack-portfolio"}],"author":[{"embeddable":true,"href":"https:\/\/dreamhaven.pl\/2018\/wp-json\/wp\/v2\/users\/11"}],"replies":[{"embeddable":true,"href":"https:\/\/dreamhaven.pl\/2018\/wp-json\/wp\/v2\/comments?post=2549"}],"version-history":[{"count":3,"href":"https:\/\/dreamhaven.pl\/2018\/wp-json\/wp\/v2\/jetpack-portfolio\/2549\/revisions"}],"predecessor-version":[{"id":2811,"href":"https:\/\/dreamhaven.pl\/2018\/wp-json\/wp\/v2\/jetpack-portfolio\/2549\/revisions\/2811"}],"wp:featuredmedia":[{"embeddable":true,"href":"https:\/\/dreamhaven.pl\/2018\/wp-json\/wp\/v2\/media\/2548"}],"wp:attachment":[{"href":"https:\/\/dreamhaven.pl\/2018\/wp-json\/wp\/v2\/media?parent=2549"}],"wp:term":[{"taxonomy":"jetpack-portfolio-type","embeddable":true,"href":"https:\/\/dreamhaven.pl\/2018\/wp-json\/wp\/v2\/jetpack-portfolio-type?post=2549"},{"taxonomy":"jetpack-portfolio-tag","embeddable":true,"href":"https:\/\/dreamhaven.pl\/2018\/wp-json\/wp\/v2\/jetpack-portfolio-tag?post=2549"}],"curies":[{"name":"wp","href":"https:\/\/api.w.org\/{rel}","templated":true}]}}